{"id":2205,"date":"2022-01-26T15:04:04","date_gmt":"2022-01-26T14:04:04","guid":{"rendered":"https:\/\/www.protezionecivilecalabria.it\/?page_id=2205"},"modified":"2022-07-04T17:34:54","modified_gmt":"2022-07-04T15:34:54","slug":"il-rischio-maremoto","status":"publish","type":"page","link":"https:\/\/www.protezionecivilecalabria.it\/?page_id=2205","title":{"rendered":"Il Rischio Maremoto"},"content":{"rendered":"\n<div class=\"wp-block-stackable-feature aligncenter is-style-default stk-block-feature stk-has-top-separator stk-has-bottom-separator stk-block stk-b3de720 stk-block-background\" data-block-id=\"b3de720\" data-block-type=\"core\"><style>.stk-b3de720{background-color:#afcfe4 !important}.stk-b3de720:before{background-color:#afcfe4 !important}.stk-b3de720{min-height:523px !important}.stk-b3de720-container{box-shadow:none !important}.stk-b3de720-container{display:flex !important}.stk-b3de720-container{align-items:flex-end !important}.stk-b3de720 > .stk-separator__top svg{filter:drop-shadow(25px 10px 30px rgba(18,63,82,0.3)) !important}.stk-b3de720 > .stk-separator__top .stk-separator__wrapper{transform:scaleX(1.1) !important;height:98px !important}.stk-b3de720 > .stk-separator__bottom svg{filter:drop-shadow(0px 5px 10px rgba(153,153,153,0.35)) !important}.stk-b3de720 > .stk-separator__bottom .stk-separator__wrapper{transform:scaleX(1) !important;height:121px !important}<\/style><div class=\"stk-separator stk-separator__top\"><div class=\"stk-separator__wrapper\"><svg xmlns=\"http:\/\/www.w3.org\/2000\/svg\" viewbox=\"0 0 1600 200\" class=\"stk-separator__layer-1\" preserveaspectratio=\"none\" aria-hidden=\"true\"><path class=\"wave-2_svg__st2\" d=\"M1432.2 67.4c-88.8-16.7-156-5.3-204 8.5s-147.1 62.2-223.1 73.9c-75.4 11.6-164-7.5-275-27.9S571 88.1 456 98.1c-119.7 10.4-224.7 52-294.4 73-94.5 28.5-171.6-3-171.6-3V210h1620V91.6c-53 10-86.8-7.1-177.8-24.2z\"><\/path><\/svg><\/div><\/div><div class=\"stk-content-align stk-b3de720-column stk-container stk-b3de720-container stk--no-background stk--no-padding\"><div class=\"stk-inner-blocks stk-block-content stk-row\">\n<div class=\"wp-block-stackable-column stk-block-column stk-column stk-block stk-a7e7beb\" data-block-id=\"a7e7beb\"><style>.stk-a7e7beb{align-self:center !important}@media screen and (min-width:768px){.stk-a7e7beb{flex:1 1 calc(43.2% - var(--stk-column-gap,0px) * 1 \/ 2 ) !important}}<\/style><div class=\"stk-column-wrapper stk-block-column__content stk-container stk-a7e7beb-container stk--no-background stk--no-padding\"><div class=\"stk-block-content stk-inner-blocks\">\n<div class=\"wp-block-stackable-heading stk-block-heading stk-block stk-ef09fe4\" data-block-id=\"ef09fe4\"><style>.stk-ef09fe4 .stk-block-heading__text{font-weight:900 !important;text-transform:uppercase !important;font-family:\"Poppins\",Sans-serif !important}<\/style><h2 class=\"stk-block-heading__text has-text-align-left\">RISCHIO MAREMOTO<\/h2><\/div>\n\n\n\n<div class=\"wp-block-stackable-text stk-block-text stk-block stk-e473381\" data-block-id=\"e473381\"><p class=\"stk-block-text__text\"><\/p><\/div>\n\n\n\n<div class=\"wp-block-stackable-text stk-block-text stk-block stk-59e0dd9\" data-block-id=\"59e0dd9\"><p class=\"stk-block-text__text\"><strong>Attivit\u00e0 Rischio Tsunami\/Maremoto Regione Calabria<\/strong><\/p><\/div>\n\n\n\n<div class=\"wp-block-stackable-button-group stk-block-button-group stk-block stk-6854b44\" data-block-id=\"6854b44\"><div class=\"stk-row stk-inner-blocks stk-block-content stk-button-group\">\n<div class=\"wp-block-stackable-button stk-block-button stk-block stk-aa275d1 stk-entrance\" data-block-id=\"aa275d1\"><style>.stk-aa275d1{transition-duration:1.85s !important;transition-timing-function:ease-in-out !important}.stk-aa275d1 .stk-button{padding-right:24px !important;padding-left:24px !important;background:#313131 !important}.stk-aa275d1{--entrance-delay:0.95s !important}<\/style><a class=\"stk-link stk-button stk--hover-effect-lift-scale\" href=\"https:\/\/www.protezionecivilecalabria.it\/wp-content\/uploads\/c0add6810100-07fa-ce11-f6bf-e574368d\" title=\"RISCHIO Terremoti e Maremoti\" target=\"_blank\" rel=\"noreferrer noopener\"><span class=\"stk--svg-wrapper\"><div class=\"stk--inner-svg\"><svg aria-hidden=\"true\" focusable=\"false\" data-prefix=\"fas\" data-icon=\"file-pdf\" class=\"svg-inline--fa fa-file-pdf fa-w-12\" xmlns=\"http:\/\/www.w3.org\/2000\/svg\" viewBox=\"0 0 384 512\" width=\"32\" height=\"32\"><path fill=\"currentColor\" d=\"M181.9 256.1c-5-16-4.9-46.9-2-46.9 8.4 0 7.6 36.9 2 46.9zm-1.7 47.2c-7.7 20.2-17.3 43.3-28.4 62.7 18.3-7 39-17.2 62.9-21.9-12.7-9.6-24.9-23.4-34.5-40.8zM86.1 428.1c0 .8 13.2-5.4 34.9-40.2-6.7 6.3-29.1 24.5-34.9 40.2zM248 160h136v328c0 13.3-10.7 24-24 24H24c-13.3 0-24-10.7-24-24V24C0 10.7 10.7 0 24 0h200v136c0 13.2 10.8 24 24 24zm-8 171.8c-20-12.2-33.3-29-42.7-53.8 4.5-18.5 11.6-46.6 6.2-64.2-4.7-29.4-42.4-26.5-47.8-6.8-5 18.3-.4 44.1 8.1 77-11.6 27.6-28.7 64.6-40.8 85.8-.1 0-.1.1-.2.1-27.1 13.9-73.6 44.5-54.5 68 5.6 6.9 16 10 21.5 10 17.9 0 35.7-18 61.1-61.8 25.8-8.5 54.1-19.1 79-23.2 21.7 11.8 47.1 19.5 64 19.5 29.2 0 31.2-32 19.7-43.4-13.9-13.6-54.3-9.7-73.6-7.2zM377 105L279 7c-4.5-4.5-10.6-7-17-7h-6v128h128v-6.1c0-6.3-2.5-12.4-7-16.9zm-74.1 255.3c4.1-2.7-2.5-11.9-42.8-9 37.1 15.8 42.8 9 42.8 9z\"><\/path><\/svg><\/div><\/span><span class=\"stk-button__inner-text\">ALLEGATO PDF <\/span><\/a><\/div>\n<\/div><\/div>\n\n\n\n<p data-block-type=\"core\"><\/p>\n<\/div><\/div><\/div>\n\n\n\n<div class=\"wp-block-stackable-column stk-block-column stk-column stk-block stk-15ee19c\" data-block-id=\"15ee19c\"><style>.stk-15ee19c{align-self:center !important}@media screen and (min-width:768px){.stk-15ee19c{flex:1 1 calc(56.8% - var(--stk-column-gap,0px) * 1 \/ 2 ) !important}}<\/style><div class=\"stk-column-wrapper stk-block-column__content stk-container stk-15ee19c-container stk--no-background stk--no-padding\"><div class=\"stk-block-content stk-inner-blocks\">\n<div class=\"wp-block-stackable-image alignleft stk-block-image stk-block stk-f120e43\" data-block-id=\"f120e43\"><style>.stk-f120e43 .stk-img-wrapper img{transform:scale(0.9) !important;object-position:59% 65% !important;object-fit:contain !important}.stk-f120e43 .stk-img-wrapper{width:310px !important;height:315px !important}.stk-f120e43 .stk-img-wrapper img{mask-image:url('data:image\/svg+xml;base64,PHN2ZyB4bWxucz0iaHR0cDovL3d3dy53My5vcmcvMjAwMC9zdmciIHZpZXdCb3g9IjAgMCA2MDAgNjAwIiBwcmVzZXJ2ZUFzcGVjdFJhdGlvPSJub25lIj48cGF0aCBkPSJNNDczLjMgMTg1LjJjMjUuOCA0NS45IDQ3LjEgNzIuNyA3Ni43IDEyNS43IDI5LjYgNTIuOCA2Ny4zIDEzMS42IDQxLjIgMTg4LjgtMjUuOCA1Ny4yLTExNS42IDkyLjctMjEyLjggOTkuMi05Ny4xIDYuNC0yMDEuOC0xNS45LTI2OS45LTczLjEtNjgtNTcuMS05OS4zLTE0OS4xLTEwNi44LTI0Ny41UzEwLjcgNzUgNzguOCAyOS4xczE4Ny42LTMyLjcgMjYyLjcgNi4yIDEwNS44IDEwNCAxMzEuOCAxNDkuOXoiPjwvcGF0aD48L3N2Zz4=') !important;-webkit-mask-image:url('data:image\/svg+xml;base64,PHN2ZyB4bWxucz0iaHR0cDovL3d3dy53My5vcmcvMjAwMC9zdmciIHZpZXdCb3g9IjAgMCA2MDAgNjAwIiBwcmVzZXJ2ZUFzcGVjdFJhdGlvPSJub25lIj48cGF0aCBkPSJNNDczLjMgMTg1LjJjMjUuOCA0NS45IDQ3LjEgNzIuNyA3Ni43IDEyNS43IDI5LjYgNTIuOCA2Ny4zIDEzMS42IDQxLjIgMTg4LjgtMjUuOCA1Ny4yLTExNS42IDkyLjctMjEyLjggOTkuMi05Ny4xIDYuNC0yMDEuOC0xNS45LTI2OS45LTczLjEtNjgtNTcuMS05OS4zLTE0OS4xLTEwNi44LTI0Ny41UzEwLjcgNzUgNzguOCAyOS4xczE4Ny42LTMyLjcgMjYyLjcgNi4yIDEwNS44IDEwNCAxMzEuOCAxNDkuOXoiPjwvcGF0aD48L3N2Zz4=') !important}<\/style><figure class=\"stk-img-wrapper stk-img--shape stk-image--shape-stretch\"><img loading=\"lazy\" class=\"stk-img wp-image-2959\" src=\"https:\/\/www.protezionecivilecalabria.it\/wp-content\/uploads\/c0add6810100-4a1b-ce11-7798-ad65234c\" width=\"150\" height=\"150\" srcset=\"https:\/\/www.protezionecivilecalabria.it\/\/wp-content\/uploads\/c0add6810100-4a1b-ce11-7798-ad65234c 150w, https:\/\/www.protezionecivilecalabria.it\/\/wp-content\/uploads\/c0add6810100-4a1b-ce11-7798-e1d3f25c 400w, https:\/\/www.protezionecivilecalabria.it\/\/wp-content\/uploads\/c0add6810100-4a1b-ce11-7798-1acf836c 512w, https:\/\/www.protezionecivilecalabria.it\/\/wp-content\/uploads\/c0add6810100-4a1b-ce11-7798-ba7c437c 80w\" sizes=\"(max-width: 150px) 100vw, 150px\" \/><\/figure><\/div>\n<\/div><\/div><\/div>\n<\/div><\/div><div class=\"stk-separator stk-separator__bottom\"><div class=\"stk-separator__wrapper\"><svg xmlns=\"http:\/\/www.w3.org\/2000\/svg\" viewbox=\"0 0 1600 200\" class=\"stk-separator__layer-1\" preserveaspectratio=\"none\" aria-hidden=\"true\"><path class=\"slant-2_svg__st1\" d=\"M1610 39.2V209H-10V39.2l810 118.9 810-118.9z\"><\/path><\/svg><svg xmlns=\"http:\/\/www.w3.org\/2000\/svg\" viewbox=\"0 0 1600 200\" preserveaspectratio=\"none\" class=\"stk-separator__layer-2\" aria-hidden=\"true\"><path class=\"slant-2-layer-2_svg__st0\" d=\"M1610 22.9V209H-10V22.9l810 118.9 810-118.9z\"><\/path><\/svg><\/div><\/div><\/div>\n\n\n<p style=\"text-align: justify;\">Il maremoto, in giapponese tsunami, \u00e8 un fenomeno naturale costituito da una serie di onde marine prodotte dal rapido spostamento di una grande massa d\u2019acqua. In mare aperto le onde si propagano molto velocemente percorrendo grandi distanze, con altezze quasi impercettibili (anche inferiori al metro), ma con lunghezze d\u2019onda (distanza tra un\u2019onda e la successiva) che possono raggiungere le decine di chilometri. Avvicinandosi alla costa, la velocit\u00e0 dell\u2019onda diminuisce mentre la sua altezza aumenta rapidamente, anche di decine di metri. Nelle onde di tsunami \u00e8 in movimento l\u2019intera colonna d\u2019acqua, dal fondo del mare alla sua superficie, e quindi le energie in gioco sono enormi.<\/p>\n<p style=\"text-align: justify;\">Le cause principali sono: i forti terremoti con epicentro in mare o vicino alla costa, le frane sottomarine costiere, l\u2019attivit\u00e0 vulcanica in mare o vicina alla costa, le repentine variazioni della pressione atmosferica sul mare (meteotsunami), e, molto pi\u00f9 raramente, la caduta in mare di meteoriti.<\/p>\n<p style=\"text-align: justify;\">I maremoti non si possono prevedere perch\u00e9, allo stato attuale delle conoscenze, non \u00e8 possibile conoscere quando e dove si verificheranno i fenomeni che li generano. In mari poco ampi, come il bacino del Mediterraneo, i tempi di arrivo delle onde sono molto brevi e questo riduce i tempi utili per allertare la popolazione. Le aree comprese tra la Calabria e la Sicilia Nord Orientale e la Calabria e la Grecia Nord Occidentale sono particolarmente esposte a rischio tsunami, essendo caratterizzata dalla presenza di numerose faglie attive, frane e vulcani sommersi che, interagendo con l\u2019ambiente marino, possono causare maremoti.<\/p>\n<p style=\"text-align: justify;\">Nel Mar Tirreno insistono, inoltre, i vulcani dell\u2019arco eoliano, anch\u2019essi responsabili di maremoti, sia per l\u2019innesco di frane, sia direttamente per l\u2019attivit\u00e0 eruttiva. Alcuni degli epicentri dei terremoti connessi con i maremoti ricadono sulla terraferma: in tal caso lo scuotimento sismico innesca frane sottomarine, a loro volta responsabili dei maremoti.<\/p>\n<p style=\"text-align: justify;\">L\u2019onda dello tsunami si propaga con una velocit\u00e0 che dipende dalla profondit\u00e0 del mare nel punto considerato. In mare aperto le onde di tsunami non superano l\u2019altezza di qualche decimetro, tuttavia, avvicinandosi alla costa, vengono rallentate dai bassi fondali e si possono amplificare fino ad altezze di decine di metri: l\u2019area interessata dal rischio tsunami dipende quindi dalle caratteristiche della costa.<\/p>\n<p style=\"text-align: justify;\">In base alla configurazione del litorale, lo tsunami si manifesta sotto forma di una massa fluida che si alza in pochi secondi e penetra nella terraferma, spingendosi anche per molti chilometri nell\u2019entroterra distruggendo edifici e trasportando anche massi e manufatti di enormi dimensioni. La massa fluida si abbassa poi altrettanto velocemente con un\u2019azione di risucchio devastante.<\/p>\n<p style=\"text-align: justify;\">La Direttiva del Presidente del Consiglio dei Ministri del 17 febbraio 2017, pubblicata nella Gazzetta Ufficiale n. 128 del 5 giugno 2017 stabilisce la \u201cIstituzione del Sistema d\u2019Allertamento nazionale per i Maremoti generati da sisma- SiAM\u201d, che riguarda solo gli tsunami generati da terremoti, che sono, peraltro quelli pi\u00f9 numerosi.<\/p>\n<p style=\"text-align: justify;\">Il SiAM prevede in caso di evento l\u2019emanazione di un allertamento che pu\u00f2 assumere due livelli:<\/p>\n<ul style=\"text-align: justify;\">\n<li>arancione che indica che le coste potrebbero essere colpite da un&#8217;onda di maremoto con un&#8217;altezza s.l.m. inferiore a 0,5 metri e\/o un run-up inferiore a 1 metro, intendendo con run-up la massima quota topografica raggiunta dall\u2019onda di maremoto durante la sua ingressione;<\/li>\n<li>rosso indica che le coste potrebbero essere colpite\u00a0 da\u00a0 un&#8217;onda\u00a0 di\u00a0 maremoto\u00a0 con\u00a0 un&#8217;altezza s.l.m. superiore a 0,5 metri e\/o un run-up superiore a 1 metro.<\/li>\n<\/ul>\n<p style=\"text-align: justify;\">Gli scenari sono, pertanto due il primo dei quali prevede che l\u2019area interessata sia quella costiera fino all\u2019altezza di 1 m slm, la seconda si estende fino ad un livello non conosciuto e che pu\u00f2 essere stimato con modelli matematici piuttosto complessi.<\/p>\n<p style=\"text-align: justify;\">La Direttiva prevede la individuazione di alcuni \u201cforecast point\u201d che sono quelli per i quali il SIAM fornisce in tempo reale il livello di allerta e il tempo di arrivo teorico della prima onda di maremoto. Tali puti sono riportati nell\u2019allegato 1 della Direttiva. Ogni comune rivierasco deve individuare quali sono i forecast point pi\u00f9 vicini (forecast point di riferimento), in modo da trasferire al proprio Comune la previsione relativa a tali punti.<\/p>\n<p style=\"text-align: justify;\">\u00c8 da osservare che \u201cLa direttiva del Presidente del Consiglio \u2013 ribadendo come l\u2019operativit\u00e0 del Sistema di allertamento si basi esclusivamente sulla registrazione ed elaborazione degli eventi sismici potenzialmente in grado di generare maremoti escludendo, quindi, tutte le altre potenziali fonti di uno tsunami \u2013 elenca anche peculiarit\u00e0 e limiti del SiAM, ricordando tra l\u2019altro che, date le caratteristiche del Mediterraneo, un bacino relativamente piccolo e chiuso, e i tempi incomprimibili della registrazione e valutazione dei dati sismici, non garantisce che l\u2019impatto di un maremoto sulla costa sia sempre preceduto dall\u2019emissione di un messaggio di allerta cos\u00ec come che a un messaggio di allerta faccia sempre seguito uno tsunami.\u201d<\/p>\n<p style=\"text-align: justify;\">Vedi a riguardo il Decreto del Capo del Dipartimento della protezione civile del 2 ottobre 2018 recante le \u201cIndicazioni alle Componenti ed alle Strutture operative del Servizio nazionale di protezione civile per l\u2019aggiornamento delle pianificazioni di protezione civile per il rischio maremoto\u201d pubblicato nella Gazzetta Ufficiale del 15 novembre 2018, n.266. Inoltre, le aree interessate da tale rischio e relative ai due livelli di allerta (arancione e rossa) sono gi\u00e0 state delimitate e le rispettive elaborate da ISPRA sono comprese nel suddetto documento e consultabili al seguente link: <a href=\"http:\/\/sgi2.isprambiente.it\/tsunamimap\/\" target=\"_blank\" rel=\"noopener\">http:\/\/sgi2.isprambiente.it\/tsunamimap\/<\/a> .<a href=\"http:\/\/sgi2.isprambiente.it\/tsunamimap\/\" target=\"_blank\" rel=\"http:\/\/sgi2.isprambiente.it\/tsunamimap\/ noopener\"><img loading=\"lazy\" class=\"aligncenter wp-image-6510 size-large\" src=\"https:\/\/www.protezionecivilecalabria.it\/wp-content\/uploads\/9d6870890a00-13fb-ce11-eabf-c5826158\" alt=\"\" width=\"1024\" height=\"470\" srcset=\"https:\/\/www.protezionecivilecalabria.it\/\/wp-content\/uploads\/9d6870890a00-13fb-ce11-eabf-c5826158 1024w, https:\/\/www.protezionecivilecalabria.it\/\/wp-content\/uploads\/9d6870890a00-13fb-ce11-eabf-a9d00d38 300w, https:\/\/www.protezionecivilecalabria.it\/\/wp-content\/uploads\/9d6870890a00-13fb-ce11-eabf-55c09778 768w, https:\/\/www.protezionecivilecalabria.it\/\/wp-content\/uploads\/9d6870890a00-13fb-ce11-eabf-22307598 1536w, https:\/\/www.protezionecivilecalabria.it\/\/wp-content\/uploads\/9d6870890a00-13fb-ce11-eabf-2e5e22e8 640w, https:\/\/www.protezionecivilecalabria.it\/\/wp-content\/uploads\/9d6870890a00-13fb-ce11-eabf-4ecbc928 1920w\" sizes=\"(max-width: 1024px) 100vw, 1024px\" \/><\/a><\/p>\n<p style=\"text-align: justify;\">\u00a0<\/p>\n<p>\u00a0<\/p>\n<h3 style=\"text-align: justify;\">CARTA SCENARIO DI EVENTO\u00a0\u00a0\u00a0\u00a0\u00a0\u00a0\u00a0\u00a0\u00a0\u00a0<\/h3>\n<p style=\"text-align: justify;\">In base alle considerazioni precedenti la carta degli scenari di evento deve prevedere due fasce soggette a rischio tsunami. La prima (fascia arancione) va dalla costa fino al livello topografico 1,5 m s.l.m., la seconda (fascia rossa) va dal livello 1,5 al livello 10 m s.l.m. La scelta del valore 1,5 \u00e8 legata all\u2019incertezza connessa alla base topografica o al DTM utilizzato e quindi all\u2019opportunit\u00e0 di assumere un valore pi\u00f9 cautelativo rispetto al metro indicato dalla Direttiva. La scelta del valore 10 metri \u00e8 anch\u2019esso cautelativo e fa riferimento ai massimi valori di run up stimati nel corso di eventi storici in Calabria e Sicilia. Tale valore potrebbe risultare eccessivo nel caso di litorali molto pianeggianti, per cui \u00e8 possibile fissare nel piano un valore pi\u00f9 basso e comunque non inferiore a 6 m s.l.m.<\/p>\n<p style=\"text-align: justify;\">\u00a0<\/p>\n<p>\u00a0<\/p>\n<h3 style=\"text-align: justify;\">CARTA SCENARIO DI RISCHIO<\/h3>\n<p style=\"text-align: justify;\">Per una idonea identificazione del danno e quindi del rischio bisogner\u00e0 produrre, anche in questo caso una carta contenente gli elementi esposti presenti sulla costa. In particolare, bisogner\u00e0 indicare le strade, gli edifici, le infrastrutture turistiche e le spiagge maggiormente popolate, presenti in ciascuna delle due fasce.<\/p>\n<p style=\"text-align: justify;\">Ove ritenuto necessario i vari elementi potranno essere raggruppati in classi di rischio in base all\u2019intensit\u00e0 locale dell\u2019evento, valutata in funzione della quota altimetrica e della distanza dal mare e della vulnerabilit\u00e0 delle persone.<\/p>\n<p style=\"text-align: justify;\">Nel piano di livello 1 si pu\u00f2 assumere che il rischio sia lo stesso in tutta la zona inondabile.<\/p>\n\n<p data-block-type=\"core\"><div class=\"_df_book df-lite\" id=\"df_2122\"  data-title=\"rischio-maremoto\" _slug=\"rischio-maremoto\" wpoptions=\"true\" thumbtype=\"bg\" ><p class=\"df-raw-loading\">Please wait while flipbook is loading. For more related info, FAQs and issues please refer to <a href=\"https:\/\/wordpress.org\/plugins\/3d-flipbook-dflip-lite\/#installation\">DearFlip WordPress Flipbook Plugin Help<\/a> documentation.<\/p><\/div><script class=\"df-shortcode-script\" type=\"application\/javascript\">window.option_df_2122 = {\"webgl\":\"false\",\"outline\":[],\"forceFit\":\"true\",\"autoEnableOutline\":\"false\",\"autoEnableThumbnail\":\"false\",\"overwritePDFOutline\":\"false\",\"direction\":\"1\",\"pageSize\":\"0\",\"source\":\"https:\\\/\\\/www.protezionecivilecalabria.it\\\/wp-content\\\/uploads\\\/c0add6810100-07fa-ce11-f6bf-e574368d\",\"wpOptions\":\"true\"}; if(window.DFLIP && window.DFLIP.parseBooks){window.DFLIP.parseBooks();}<\/script><\/p>\n\n\n\n<div class=\"wp-block-stackable-columns stk-block-columns stk-has-top-separator stk-block stk-fa88da4 stk-block-background stk--has-background-overlay\" data-block-id=\"fa88da4\" data-block-type=\"core\"><style>.stk-fa88da4 .stk--block-align-fa88da4{align-items:flex-start !important}.stk-fa88da4{background-color:#FFFFFF !important;background-image:url(https:\/\/www.protezionecivilecalabria.it\/wp-content\/uploads\/9d6870890a00-13fb-ce11-4397-bd8b3608) !important;background-size:auto !important;background-blend-mode:normal !important}.stk-fa88da4:before{background-color:#FFFFFF !important;opacity:0.3 !important}.stk-fa88da4{min-height:431px !important;display:flex !important}.stk-fa88da4{align-items:center !important}.stk-fa88da4 > .stk-separator__top{transform:scaleX(-1) scaleY(-1) !important}.stk-fa88da4-column{--stk-column-gap:0px !important}<\/style><div class=\"stk-separator stk-separator__top\"><div class=\"stk-separator__wrapper\"><svg xmlns=\"http:\/\/www.w3.org\/2000\/svg\" viewbox=\"0 0 1600 200\" class=\"stk-separator__layer-1\" preserveaspectratio=\"none\" aria-hidden=\"true\"><path class=\"wave-2_svg__st2\" d=\"M1432.2 67.4c-88.8-16.7-156-5.3-204 8.5s-147.1 62.2-223.1 73.9c-75.4 11.6-164-7.5-275-27.9S571 88.1 456 98.1c-119.7 10.4-224.7 52-294.4 73-94.5 28.5-171.6-3-171.6-3V210h1620V91.6c-53 10-86.8-7.1-177.8-24.2z\"><\/path><\/svg><svg xmlns=\"http:\/\/www.w3.org\/2000\/svg\" viewbox=\"0 0 1600 200\" preserveaspectratio=\"none\" class=\"stk-separator__layer-2\" aria-hidden=\"true\"><path d=\"M1426.1 33.1c-82.7-36.3-161.6-10.7-203.9 13-20.6 11.5-60.2 35.2-101.6 51.9-43.4 17.5-88.1 33.4-126.6 37.3-75.9 7.6-154-5-259-41.3-106.7-36.9-188.2-62-289-46.7-118 18-214.7 91.6-284.4 112.6-94.5 28.5-171.6-3-171.6-3V207h1620V80.4c-53 10-101.9-11.3-183.9-47.3z\"><\/path><\/svg><\/div><\/div><div class=\"stk-row stk-inner-blocks has-text-align-center stk--block-align-fa88da4 stk-block-content stk-content-align stk-fa88da4-column\">\n<div class=\"wp-block-stackable-column stk-block-column stk-column stk-block stk-3c320cc\" data-block-id=\"3c320cc\"><div class=\"stk-column-wrapper stk-block-column__content stk-container stk-3c320cc-container stk--no-background stk--no-padding\"><div class=\"stk-block-content stk-inner-blocks\">\n<p data-block-type=\"core\"><\/p>\n\n\n\n<p data-block-type=\"core\"><\/p>\n<\/div><\/div><\/div>\n<\/div><\/div>\n\n\n\n<div class=\"wp-block-column\" style=\"flex-basis:100%\" data-block-type=\"core\" data-block-type=\"core\" data-block-type=\"core\">\n<div class=\"wp-block-stackable-columns stk-block-columns stk-block stk-ec1d488\" data-block-id=\"ec1d488\"><div class=\"stk-row stk-inner-blocks stk-block-content stk-content-align stk-ec1d488-column\">\n<div class=\"wp-block-stackable-column stk-block-column stk-column stk-block stk-6d58874\" data-block-id=\"6d58874\"><style>@media screen and (min-width:768px){.stk-6d58874{flex:1 1 25% !important}}<\/style><div class=\"stk-column-wrapper stk-block-column__content stk-container stk-6d58874-container stk--no-background stk--no-padding\"><div class=\"stk-block-content stk-inner-blocks\"><\/div><\/div><\/div>\n\n\n\n<div class=\"wp-block-stackable-column stk-block-column stk-column stk-block stk-00c2c56\" data-block-id=\"00c2c56\"><style>@media screen and (min-width:768px){.stk-00c2c56{flex:1 1 50% !important}}<\/style><div class=\"stk-column-wrapper stk-block-column__content stk-container stk-00c2c56-container stk--no-background stk--no-padding\"><div class=\"stk-block-content stk-inner-blocks\">\n<div class=\"wp-block-stackable-button-group stk-block-button-group stk-block stk-98bb1b5\" data-block-id=\"98bb1b5\"><div class=\"stk-row stk-inner-blocks stk-block-content stk-button-group\">\n<div class=\"wp-block-stackable-button stk-block-button stk-block stk-fbc3116\" data-block-id=\"fbc3116\"><style>.stk-fbc3116,.stk-fbc3116 .stk-button{width:100% !important}.stk-fbc3116 .stk-button{background:#070B22 !important}<\/style><a class=\"stk-link stk-button stk--hover-effect-darken\" href=\"https:\/\/iononrischio.protezionecivile.it\/\" title=\"IO NON RISCHIO!\" rel=\"IO NON RISCHIO!\"><span class=\"stk--svg-wrapper\"><div class=\"stk--inner-svg\"><svg aria-hidden=\"true\" focusable=\"false\" data-prefix=\"fas\" data-icon=\"globe\" class=\"svg-inline--fa fa-globe fa-w-16\" xmlns=\"http:\/\/www.w3.org\/2000\/svg\" viewBox=\"0 0 496 512\" width=\"32\" height=\"32\"><path fill=\"currentColor\" d=\"M336.5 160C322 70.7 287.8 8 248 8s-74 62.7-88.5 152h177zM152 256c0 22.2 1.2 43.5 3.3 64h185.3c2.1-20.5 3.3-41.8 3.3-64s-1.2-43.5-3.3-64H155.3c-2.1 20.5-3.3 41.8-3.3 64zm324.7-96c-28.6-67.9-86.5-120.4-158-141.6 24.4 33.8 41.2 84.7 50 141.6h108zM177.2 18.4C105.8 39.6 47.8 92.1 19.3 160h108c8.7-56.9 25.5-107.8 49.9-141.6zM487.4 192H372.7c2.1 21 3.3 42.5 3.3 64s-1.2 43-3.3 64h114.6c5.5-20.5 8.6-41.8 8.6-64s-3.1-43.5-8.5-64zM120 256c0-21.5 1.2-43 3.3-64H8.6C3.2 212.5 0 233.8 0 256s3.2 43.5 8.6 64h114.6c-2-21-3.2-42.5-3.2-64zm39.5 96c14.5 89.3 48.7 152 88.5 152s74-62.7 88.5-152h-177zm159.3 141.6c71.4-21.2 129.4-73.7 158-141.6h-108c-8.8 56.9-25.6 107.8-50 141.6zM19.3 352c28.6 67.9 86.5 120.4 158 141.6-24.4-33.8-41.2-84.7-50-141.6h-108z\"><\/path><\/svg><\/div><\/span><span class=\"stk-button__inner-text\">IO NON RISCHIO!<\/span><\/a><\/div>\n<\/div><\/div>\n<\/div><\/div><\/div>\n\n\n\n<div class=\"wp-block-stackable-column stk-block-column stk-column stk-block stk-c107c60\" data-block-id=\"c107c60\"><style>@media screen and (min-width:768px){.stk-c107c60{flex:1 1 25% !important}}<\/style><div class=\"stk-column-wrapper stk-block-column__content stk-container stk-c107c60-container stk--no-background stk--no-padding\"><div class=\"stk-block-content stk-inner-blocks\"><\/div><\/div><\/div>\n<\/div><\/div>\n<\/div>\n","protected":false},"excerpt":{"rendered":"<p>Il Rischio Maremoto in Calabria<\/p>\n","protected":false},"author":3,"featured_media":704,"parent":662,"menu_order":0,"comment_status":"closed","ping_status":"closed","template":"page-nosidebar.php","meta":{"_EventAllDay":false,"_EventTimezone":"","_EventStartDate":"","_EventEndDate":"","_EventStartDateUTC":"","_EventEndDateUTC":"","_EventShowMap":false,"_EventShowMapLink":false,"_EventURL":"","_EventCost":"","_EventCostDescription":"","_EventCurrencySymbol":"","_EventCurrencyCode":"","_EventCurrencyPosition":"","_EventDateTimeSeparator":"","_EventTimeRangeSeparator":"","_EventOrganizerID":[],"_EventVenueID":0,"_OrganizerEmail":"","_OrganizerPhone":"","_OrganizerWebsite":"","_VenueAddress":"","_VenueCity":"","_VenueCountry":"","_VenueProvince":"","_VenueZip":"","_VenuePhone":"","_VenueURL":"","_VenueStateProvince":"","_VenueLat":"","_VenueLng":"","_price":"","_stock":"","_tribe_ticket_header":"","_tribe_default_ticket_provider":"","_tribe_ticket_capacity":"0","_ticket_start_date":"","_ticket_end_date":"","_tribe_ticket_show_description":"","_tribe_ticket_show_not_going":false,"_tribe_ticket_use_global_stock":"","_tribe_ticket_global_stock_level":"","_global_stock_mode":"","_global_stock_cap":"","_tribe_rsvp_for_event":"","_tribe_ticket_going_count":"","_tribe_ticket_not_going_count":"","_tribe_tickets_list":[],"_tribe_ticket_has_attendee_info_fields":false},"tags":[100,137,134,29,12,97],"featured_image_urls":{"full":["https:\/\/www.protezionecivilecalabria.it\/\/wp-content\/uploads\/9d6870890a00-13fb-ce11-ff42-64bcc3d5",250,167,false],"thumbnail":["https:\/\/www.protezionecivilecalabria.it\/\/wp-content\/uploads\/9d6870890a00-13fb-ce11-ff42-1ca6b4e5",150,150,true],"medium":["https:\/\/www.protezionecivilecalabria.it\/\/wp-content\/uploads\/9d6870890a00-13fb-ce11-ff42-64bcc3d5",250,167,false],"medium_large":["https:\/\/www.protezionecivilecalabria.it\/\/wp-content\/uploads\/9d6870890a00-13fb-ce11-ff42-64bcc3d5",250,167,false],"large":["https:\/\/www.protezionecivilecalabria.it\/\/wp-content\/uploads\/9d6870890a00-13fb-ce11-ff42-64bcc3d5",250,167,false],"1536x1536":["https:\/\/www.protezionecivilecalabria.it\/\/wp-content\/uploads\/9d6870890a00-13fb-ce11-ff42-64bcc3d5",250,167,false],"2048x2048":["https:\/\/www.protezionecivilecalabria.it\/\/wp-content\/uploads\/9d6870890a00-13fb-ce11-ff42-64bcc3d5",250,167,false],"post-thumbnails":["https:\/\/www.protezionecivilecalabria.it\/\/wp-content\/uploads\/9d6870890a00-13fb-ce11-ff42-64bcc3d5",250,167,false],"news-image":["https:\/\/www.protezionecivilecalabria.it\/\/wp-content\/uploads\/9d6870890a00-13fb-ce11-ff42-64bcc3d5",250,167,false],"gallery-preview":["https:\/\/www.protezionecivilecalabria.it\/\/wp-content\/uploads\/9d6870890a00-13fb-ce11-ff42-310cf5f5",80,80,true],"shareaholic-thumbnail":["https:\/\/www.protezionecivilecalabria.it\/\/wp-content\/uploads\/9d6870890a00-13fb-ce11-ff42-64bcc3d5",250,167,false],"tptn_thumbnail":["https:\/\/www.protezionecivilecalabria.it\/\/wp-content\/uploads\/9d6870890a00-13fb-ce11-ff42-64bcc3d5",75,50,false]},"post_excerpt_stackable":"<p>Il Rischio Maremoto in Calabria<\/p>\n","category_list":"","author_info":{"name":"Protezione Civile Calabria","url":"https:\/\/www.protezionecivilecalabria.it\/?author=3"},"comments_num":"0 comments","ticketed":false,"_links":{"self":[{"href":"https:\/\/www.protezionecivilecalabria.it\/index.php?rest_route=\/wp\/v2\/pages\/2205"}],"collection":[{"href":"https:\/\/www.protezionecivilecalabria.it\/index.php?rest_route=\/wp\/v2\/pages"}],"about":[{"href":"https:\/\/www.protezionecivilecalabria.it\/index.php?rest_route=\/wp\/v2\/types\/page"}],"author":[{"embeddable":true,"href":"https:\/\/www.protezionecivilecalabria.it\/index.php?rest_route=\/wp\/v2\/users\/3"}],"replies":[{"embeddable":true,"href":"https:\/\/www.protezionecivilecalabria.it\/index.php?rest_route=%2Fwp%2Fv2%2Fcomments&post=2205"}],"version-history":[{"count":19,"href":"https:\/\/www.protezionecivilecalabria.it\/index.php?rest_route=\/wp\/v2\/pages\/2205\/revisions"}],"predecessor-version":[{"id":6514,"href":"https:\/\/www.protezionecivilecalabria.it\/index.php?rest_route=\/wp\/v2\/pages\/2205\/revisions\/6514"}],"up":[{"embeddable":true,"href":"https:\/\/www.protezionecivilecalabria.it\/index.php?rest_route=\/wp\/v2\/pages\/662"}],"wp:featuredmedia":[{"embeddable":true,"href":"https:\/\/www.protezionecivilecalabria.it\/index.php?rest_route=\/wp\/v2\/media\/704"}],"wp:attachment":[{"href":"https:\/\/www.protezionecivilecalabria.it\/index.php?rest_route=%2Fwp%2Fv2%2Fmedia&parent=2205"}],"wp:term":[{"taxonomy":"post_tag","embeddable":true,"href":"https:\/\/www.protezionecivilecalabria.it\/index.php?rest_route=%2Fwp%2Fv2%2Ftags&post=2205"}],"curies":[{"name":"wp","href":"https:\/\/api.w.org\/{rel}","templated":true}]}}